{"id":14969,"date":"2023-09-08T14:03:56","date_gmt":"2023-09-08T12:03:56","guid":{"rendered":"https:\/\/www.lesoteka.si\/lesoteka-group\/news-and-events\/"},"modified":"2024-06-27T12:34:57","modified_gmt":"2024-06-27T10:34:57","slug":"neuigkeiten-und-veranstaltungen","status":"publish","type":"page","link":"https:\/\/www.lesoteka.si\/de\/lesoteka-group\/neuigkeiten-und-veranstaltungen\/","title":{"rendered":"Neuigkeiten und Veranstaltungen"},"content":{"rendered":"\t\t<div data-elementor-type=\"wp-page\" data-elementor-id=\"14969\" class=\"elementor elementor-14969 elementor-8595\" data-elementor-post-type=\"page\">\n\t\t\t\t\t\t\t\t\t<section class=\"elementor-section elementor-top-section elementor-element elementor-element-53bc4402 swiper-section elementor-section-boxed elementor-section-height-default elementor-section-height-default\" data-id=\"53bc4402\" data-element_type=\"section\">\n\t\t\t\t\t\t<div class=\"elementor-container elementor-column-gap-default\">\n\t\t\t\t\t<div class=\"elementor-column elementor-col-50 elementor-top-column elementor-element elementor-element-9fc0eed\" data-id=\"9fc0eed\" data-element_type=\"column\">\n\t\t\t<div class=\"elementor-widget-wrap elementor-element-populated\">\n\t\t\t\t\t\t\t\t<div class=\"elementor-element elementor-element-5f6f4171 elementor-widget elementor-widget-lesoteka-text\" data-id=\"5f6f4171\" data-element_type=\"widget\" data-widget_type=\"lesoteka-text.default\">\n\t\t\t\t<div class=\"elementor-widget-container\">\n\t\t\t\t\t<div class=\"lesoteka-text-widget\">\r\n\t\t\t\t\t\t\t<h2 class=\"title lesoteka-text-color\" style=\"text-align: left\">Aktuellsten<\/h2>\r\n\t\t\t\t\t\t\t<span class=\"subtitle lesoteka-text-color\" style=\"text-align: left\">Nachrichten und Ereignisse <br\/>in der Lesoteka-Gruppe<\/span>\r\n\t\t\t\t\t\t\t<p class=\"text lesoteka-text-color\" style=\"text-align: left\">In der Forst-Holz-Kette \u201eVom Wald ... zum Haus\u201c entstehen Produkte und Halbzeuge der Unternehmen der Lesoteka-Gruppe. Aufgrund unserer Forschungs- und Entwicklungsorientierung erweitern wir st\u00e4ndig unser Produktangebot und verbessern bestehende Produkte.<\/p>\r\n\t\t<\/div>\r\n\t\t\t\t<\/div>\n\t\t\t\t<\/div>\n\t\t\t\t\t<\/div>\n\t\t<\/div>\n\t\t\t\t<div class=\"elementor-column elementor-col-50 elementor-top-column elementor-element elementor-element-26caccdd\" data-id=\"26caccdd\" data-element_type=\"column\">\n\t\t\t<div class=\"elementor-widget-wrap elementor-element-populated\">\n\t\t\t\t\t\t\t\t<div class=\"elementor-element elementor-element-5129111f elementor-widget elementor-widget-post-type-slider-lesoteka\" data-id=\"5129111f\" data-element_type=\"widget\" data-widget_type=\"post-type-slider-lesoteka.default\">\n\t\t\t\t<div class=\"elementor-widget-container\">\n\t\t\t\t\t\t<div class=\"swiper-container lesoteka-slider-for-mobile lesoteka-stats lesoteka-post-types-2 lesotek-slider lesotek-slider-69ee3432ebd99\" style=\"height:404px; overflow: hidden;padding-bottom: 15px;\">\r\n\t\t\t\t<div class=\"swiper-wrapper\">\t\t\r\n\t\t\t\t\t\t\t\t\t\t\t\t\t\t\r\n\t\t\t\t\t\t\t\t\t\t\t<div class=\"swiper-slide\" >\r\n\t\t\t\t\t\t\t<div class=\"inner-wrapper\" style=\"text-align: center;\">\r\n\t\t\t\t\t\t\t\t<div class=\"elements-wrapper \" style=\"position: relative;\">\r\n\t\t\t\t\t\t\t\t\t<a href=\"https:\/\/www.lesoteka.si\/de\/wir-eroeffnen-das-groesste-holzzentrum-in-koroska\/\">\r\n\t\t\t\t\t\t\t\t\t<div><img loading=\"lazy\" decoding=\"async\" width=\"330\" height=\"350\" src=\"https:\/\/www.lesoteka.si\/wp-content\/uploads\/2025\/03\/Sentjanz-trgovina-otvoritev-330x350.png\" class=\"attachment-storitve_thumbnail size-storitve_thumbnail wp-post-image\" alt=\"Otvoritev Lesoteka trgovine PE \u0160entjan\u017e\" \/><\/div>\r\n\t\t\t\t\t\t\t\t\t\t\t\t\t\t\t\t\t\t\t\t\t\t\t\t\t\t\t\t\t\t<div class=\"post-content\" style=\"color: #fff; position: absolute;bottom: 0px;left: 0px;padding: 20px;text-align: left;\">\r\n\t\t\t\t\t\t\t\t\t\t\t<div class=\"post-meta\" style=\"margin-bottom: 12px;\" >\r\n\t\t\t\t\t\t\t\t\t\t\t\t<span>Neuigkeiten<\/span> | <span>Lesoteka<\/span> | <span>27.03.2025<\/span>\r\n\t\t\t\t\t\t\t\t\t\t\t<\/div>\r\n\t\t\t\t\t\t\t\t\t\t\t<div class=\"post-title\">\t\r\n\t\t\t\t\t\t\t\t\t\t\t\t<strong>Wir er\u00f6ffnen das gr\u00f6\u00dfte Holzzentrum in Koro\u0161ka<\/strong>\r\n\t\t\t\t\t\t\t\t\t\t\t<\/div>\r\n\t\t\t\t\t\t\t\t\t\t\t<div class=\"post-excerpt\">\r\n\t\t\t\t\t\t\t\t\t\t\t\t<span>Mit gro\u00dfer Freude teilen wir Ihnen mit, dass wir am 31.03.2025 in \u0160entjan\u017e pri Dravogradu...<\/span>\r\n\t\t\t\t\t\t\t\t\t\t\t<\/div>\r\n\t\t\t\t\t\t\t\t\t\t\t<div class=\"post-read-more\"><strong>Mehr lesen ><\/strong>\r\n\t\t\t\t\t\t\t\t\t\t\t<\/div>\r\n\t\t\t\t\t\t\t\t\t\t<\/div>\r\n\t\t\t\t\t\t\t\t\t\t\r\n\t\t\t\t\t\t\t\t\t\r\n\t\t\t\t\t\t\t\t\t\t\t\t\t\t\t\t\r\n\t\t\t\t\t\t\t\t\t<\/a>\r\n\t\t\t\t\t\t\t\t<\/div>\r\n\t\t\t\t\t\t\t<\/div>\t\r\n\t\t\t\t\t\t<\/div>\r\n\t\t\t\t\t\t\t\t\t \t\t\t\t\t\t\t\t\t\t\r\n\t\t\t\t\t\t\t\t\t\t\t<div class=\"swiper-slide\" >\r\n\t\t\t\t\t\t\t<div class=\"inner-wrapper\" style=\"text-align: center;\">\r\n\t\t\t\t\t\t\t\t<div class=\"elements-wrapper \" style=\"position: relative;\">\r\n\t\t\t\t\t\t\t\t\t<a href=\"https:\/\/www.lesoteka.si\/de\/montagehallen-neues-produkt-in-unserem-angebot\/\">\r\n\t\t\t\t\t\t\t\t\t<div><img loading=\"lazy\" decoding=\"async\" width=\"330\" height=\"350\" src=\"https:\/\/www.lesoteka.si\/wp-content\/uploads\/2025\/03\/Novica-industrijske-hale-grid-330x350.jpg\" class=\"attachment-storitve_thumbnail size-storitve_thumbnail wp-post-image\" alt=\"\" \/><\/div>\r\n\t\t\t\t\t\t\t\t\t\t\t\t\t\t\t\t\t\t\t\t\t\t\t\t\t\t\t\t\t\t<div class=\"post-content\" style=\"color: #fff; position: absolute;bottom: 0px;left: 0px;padding: 20px;text-align: left;\">\r\n\t\t\t\t\t\t\t\t\t\t\t<div class=\"post-meta\" style=\"margin-bottom: 12px;\" >\r\n\t\t\t\t\t\t\t\t\t\t\t\t<span>Neuigkeiten<\/span> | <span>Lesoteka<\/span> | <span>21.03.2025<\/span>\r\n\t\t\t\t\t\t\t\t\t\t\t<\/div>\r\n\t\t\t\t\t\t\t\t\t\t\t<div class=\"post-title\">\t\r\n\t\t\t\t\t\t\t\t\t\t\t\t<strong>Montagehallen \u2013 Neues Produkt in unserem Angebot<\/strong>\r\n\t\t\t\t\t\t\t\t\t\t\t<\/div>\r\n\t\t\t\t\t\t\t\t\t\t\t<div class=\"post-excerpt\">\r\n\t\t\t\t\t\t\t\t\t\t\t\t<span>Bei Lesoteka GROUP sind wir uns bewusst, dass die Suche nach neuen M\u00f6glichkeiten und die...<\/span>\r\n\t\t\t\t\t\t\t\t\t\t\t<\/div>\r\n\t\t\t\t\t\t\t\t\t\t\t<div class=\"post-read-more\"><strong>Mehr lesen ><\/strong>\r\n\t\t\t\t\t\t\t\t\t\t\t<\/div>\r\n\t\t\t\t\t\t\t\t\t\t<\/div>\r\n\t\t\t\t\t\t\t\t\t\t\r\n\t\t\t\t\t\t\t\t\t\r\n\t\t\t\t\t\t\t\t\t\t\t\t\t\t\t\t\r\n\t\t\t\t\t\t\t\t\t<\/a>\r\n\t\t\t\t\t\t\t\t<\/div>\r\n\t\t\t\t\t\t\t<\/div>\t\r\n\t\t\t\t\t\t<\/div>\r\n\t\t\t\t\t\t\t\t\t \t\t\t\t\t\t\t\t\t\t\r\n\t\t\t\t\t\t\t\t\t\t\t<div class=\"swiper-slide\" >\r\n\t\t\t\t\t\t\t<div class=\"inner-wrapper\" style=\"text-align: center;\">\r\n\t\t\t\t\t\t\t\t<div class=\"elements-wrapper \" style=\"position: relative;\">\r\n\t\t\t\t\t\t\t\t\t<a href=\"https:\/\/www.lesoteka.si\/de\/19-auktion-wertvollerer-holzsortimente\/\">\r\n\t\t\t\t\t\t\t\t\t<div><img loading=\"lazy\" decoding=\"async\" width=\"330\" height=\"350\" src=\"https:\/\/www.lesoteka.si\/wp-content\/uploads\/2025\/03\/Licitacija-2025-s-330x350.jpg\" class=\"attachment-storitve_thumbnail size-storitve_thumbnail wp-post-image\" alt=\"\" \/><\/div>\r\n\t\t\t\t\t\t\t\t\t\t\t\t\t\t\t\t\t\t\t\t\t\t\t\t\t\t\t\t\t\t<div class=\"post-content\" style=\"color: #fff; position: absolute;bottom: 0px;left: 0px;padding: 20px;text-align: left;\">\r\n\t\t\t\t\t\t\t\t\t\t\t<div class=\"post-meta\" style=\"margin-bottom: 12px;\" >\r\n\t\t\t\t\t\t\t\t\t\t\t\t<span>Neuigkeiten<\/span> | <span>Lesoteka<\/span> | <span>10.03.2025<\/span>\r\n\t\t\t\t\t\t\t\t\t\t\t<\/div>\r\n\t\t\t\t\t\t\t\t\t\t\t<div class=\"post-title\">\t\r\n\t\t\t\t\t\t\t\t\t\t\t\t<strong>19. Auktion wertvollerer Holzsortimente<\/strong>\r\n\t\t\t\t\t\t\t\t\t\t\t<\/div>\r\n\t\t\t\t\t\t\t\t\t\t\t<div class=\"post-excerpt\">\r\n\t\t\t\t\t\t\t\t\t\t\t\t<span>In der Industriezone Pame\u010de bei Slovenj Gradec wurden in diesem Jahr mehr als 6.500 St\u00e4mme...<\/span>\r\n\t\t\t\t\t\t\t\t\t\t\t<\/div>\r\n\t\t\t\t\t\t\t\t\t\t\t<div class=\"post-read-more\"><strong>Mehr lesen ><\/strong>\r\n\t\t\t\t\t\t\t\t\t\t\t<\/div>\r\n\t\t\t\t\t\t\t\t\t\t<\/div>\r\n\t\t\t\t\t\t\t\t\t\t\r\n\t\t\t\t\t\t\t\t\t\r\n\t\t\t\t\t\t\t\t\t\t\t\t\t\t\t\t\r\n\t\t\t\t\t\t\t\t\t<\/a>\r\n\t\t\t\t\t\t\t\t<\/div>\r\n\t\t\t\t\t\t\t<\/div>\t\r\n\t\t\t\t\t\t<\/div>\r\n\t\t\t\t\t\t\t\t\t \t\t\t\t\t<div class=\"swiper-slide\"><\/div>\t\t\t\t \r\n\t\t\t  <\/div>\r\n\t\t\t   <!-- If we need pagination -->\r\n\t\t\t\t<div class=\"swiper-pagination swiper-pagination-clickable swiper-pagination-bullets \"><\/div>\r\n\t\t\t\r\n\t\t\t\t<!-- If we need navigation buttons -->\r\n\t\t\t\t\r\n\t\t\t<\/div>\r\n\t\t\t<div class=\"swiper-buttons-wrapper lesoteka-stats-swiper-buttons lesoteka-stats\">\r\n\t\t\t\t\t<div class=\"swiper-button-prev swiper-btn-prev-lesotek-slider-69ee3432ebd99 swiper-button-white swiper-button\" style=\" position: unset; \">\r\n\t\t\t\t\t\t<div class=\"lesoteka-slider-icon-wrapper\" style=\" height: 15px; \">\r\n\t\t\t\t\t\t\t\t<span class=\"icon-prev-1 lesoteka-slider-icon\"><\/span>\r\n\t\t\t\t\t\t\t\t<span class=\"icon-prev-2 lesoteka-slider-icon\"><\/span>\r\n\t\t\t\t\t\t\t<\/div>\r\n\t\t\t\t\t<\/div>\r\n\t\t\t\t\t\t\t\t\t\t<div class=\"swiper-button-next swiper-btn-next-lesotek-slider-69ee3432ebd99 swiper-button-white swiper-button\" style=\" position: unset; \">\r\n\t\t\t\t\t\t<div class=\"lesoteka-slider-icon-wrapper\">\r\n\t\t\t\t\t\t\t\t<span class=\"icon-next-1 lesoteka-slider-icon\"><\/span>\r\n\t\t\t\t\t\t\t\t<span class=\"icon-next-2 lesoteka-slider-icon\"><\/span>\r\n\t\t\t\t\t\t\t<\/div>\r\n\t\t\t\t\t<\/div>\r\n\t\t\t<\/div>\r\n\t\t\t\r\n\t\t\t<script>\r\n\t\t\tjQuery( document ).ready(function() {\r\n\r\n\t\t\t\t\t\tjQuery( window ).on( 'elementor\/frontend\/init', () => {\r\n\t\t\t\t\t\t  const addHandler = ( $element ) => {\r\n\t\t\t\t\t\t\tconst asyncSwiper = elementorFrontend.utils.swiper; \/\/ Dobim swiper class\r\n\r\n\t\t\t\t\t\t\tswiperElement = jQuery('.lesotek-slider-69ee3432ebd99');\r\n\t\t\t\t\t\t\r\n\t\t\t\t\t\t\tswiperConfig = {\r\n\t\t\t\t\t\t\t\t\r\n\t\t\t\t\t\t\t\t \t\t\t\t\t\t\t\t  direction: 'horizontal',\r\n\t\t\t\t\t\t\t\t  loop: false,\r\n\t\t\t\t\t\t\t\t  preventClicks: true,\r\n\t\t\t\t\t\t\t\t  shortSwipes: true,\r\n\t\t\t\t\t\t\t\t  watchSlidesProgress: true, \r\n\t\t\t\t\t\t\t\t  pagination: {\r\n\t\t\t\t\t\t\t\t\tel: '.swiper-pagination-lesotek-slider-69ee3432ebd99',\r\n\t\t\t\t\t\t\t\t\tclickable: true,\r\n\t\t\t\t\t\t\t\t  },\r\n\t\t\t\t\t\t\t\t  breakpoints: {\r\n\t\t\t\t\t\t\t\t\t320: {\r\n\t\t\t\t\t\t\t\t\t  slidesPerView: 1,\r\n\t\t\t\t\t\t\t\t\t  spaceBetween: 10\r\n\t\t\t\t\t\t\t\t\t},\r\n\t\t\t\t\t\t\t\t\t768: {\r\n\t\t\t\t\t\t\t\t\t  slidesPerView: 1,\r\n\t\t\t\t\t\t\t\t\t  spaceBetween: 10\r\n\t\t\t\t\t\t\t\t\t},\r\n\t\t\t\t\t\t\t\t\t992: {\r\n\t\t\t\t\t\t\t\t\t  slidesPerView: 3,\r\n\t\t\t\t\t\t\t\t\t  spaceBetween: 10\r\n\t\t\t\t\t\t\t\t\t},\r\n\t\t\t\t\t\t\t\t\t1200: {\r\n\t\t\t\t\t\t\t\t\t  slidesPerView: 3,\r\n\t\t\t\t\t\t\t\t\t  spaceBetween: 10\r\n\t\t\t\t\t\t\t\t\t},\r\n\t\t\t\t\t\t\t\t\t1920: {\r\n\t\t\t\t\t\t\t\t\t  slidesPerView: 4,\r\n\t\t\t\t\t\t\t\t\t  spaceBetween: 10\r\n\t\t\t\t\t\t\t\t\t}\r\n\t\t\t\t\t\t\t\t\t\r\n\t\t\t\t\t\t\t\t  },\r\n\r\n\t\t\t\t\t\t\t\t  navigation: {\r\n\t\t\t\t\t\t\t\t\tnextEl: '.swiper-btn-next-lesotek-slider-69ee3432ebd99',\r\n\t\t\t\t\t\t\t\t\tprevEl: '.swiper-btn-prev-lesotek-slider-69ee3432ebd99',\r\n\t\t\t\t\t\t\t\t  },\r\n\t\t\t\t\t\t\t\t  \r\n\t\t\t\t\t\t\t};\r\n\t\t\t\t\t\t\t\t\t\t\t\t\t\t\r\n\t\t\t\t\t\t\tnew asyncSwiper( swiperElement, swiperConfig ); \/\/ Nastavim konstruktorju parametre\r\n\t\t\t\t\t\t\t \r\n\r\n\t\t\t\t\t\t\t};\r\n\t\t\t\t\t\t\telementorFrontend.hooks.addAction( 'frontend\/element_ready\/post-type-slider-lesoteka.default', addHandler );\r\n\t\t\t\t\t\t});\t\r\n\t\t\t\t\t\t\r\n\t\t\t\t\t\t\r\n\t\t\t\t\t\t\r\n\t\t\t\t\t\t\r\n\t\t\t\t});\r\n\t\t\t<\/script>\r\n\t\t\t\t\t<\/div>\n\t\t\t\t<\/div>\n\t\t\t\t\t<\/div>\n\t\t<\/div>\n\t\t\t\t\t\t\t<\/div>\n\t\t<\/section>\n\t\t\t\t<section class=\"elementor-section elementor-top-section elementor-element elementor-element-a74c7c0 home-page-section-13 elementor-section-boxed elementor-section-height-default elementor-section-height-default\" data-id=\"a74c7c0\" data-element_type=\"section\" data-settings=\"{&quot;background_background&quot;:&quot;classic&quot;}\">\n\t\t\t\t\t\t<div class=\"elementor-container elementor-column-gap-default\">\n\t\t\t\t\t<div class=\"elementor-column elementor-col-100 elementor-top-column elementor-element elementor-element-3f7d918\" data-id=\"3f7d918\" data-element_type=\"column\">\n\t\t\t<div class=\"elementor-widget-wrap elementor-element-populated\">\n\t\t\t\t\t\t\t\t<section class=\"elementor-section elementor-inner-section elementor-element elementor-element-e824bf9 elementor-section-boxed elementor-section-height-default elementor-section-height-default\" data-id=\"e824bf9\" data-element_type=\"section\">\n\t\t\t\t\t\t<div class=\"elementor-container elementor-column-gap-default\">\n\t\t\t\t\t<div class=\"elementor-column elementor-col-100 elementor-inner-column elementor-element elementor-element-dc2b661\" data-id=\"dc2b661\" data-element_type=\"column\">\n\t\t\t<div class=\"elementor-widget-wrap elementor-element-populated\">\n\t\t\t\t\t\t\t\t<div class=\"elementor-element elementor-element-f5375b8 elementor-widget__width-initial elementor-widget elementor-widget-lesoteka-text\" data-id=\"f5375b8\" data-element_type=\"widget\" data-widget_type=\"lesoteka-text.default\">\n\t\t\t\t<div class=\"elementor-widget-container\">\n\t\t\t\t\t<div class=\"lesoteka-text-widget\">\r\n\t\t\t\t\t\t\t<h2 class=\"title lesoteka-text-color\" style=\"text-align: center\">Anmeldung f\u00fcr den E-News<\/h2>\r\n\t\t\t\t\t\t\t<span class=\"subtitle lesoteka-text-color\" style=\"text-align: center\">Bleiben Sie informiert \u00fcber alles in Lesoteka-Gruppe<\/span>\r\n\t\t\t\t\t\t\t<p class=\"text lesoteka-text-color\" style=\"text-align: center\">Melden Sie sich f\u00fcr unseren Newsletter an und bleiben Sie \u00fcber Neuigkeiten im Bereich Forstwirtschaft und Holzverarbeitung sowie \u00fcber aktuelle Angelegenheiten in der Lesoteka-Gruppe informiert.<\/p>\r\n\t\t<\/div>\r\n\t\t\t\t<\/div>\n\t\t\t\t<\/div>\n\t\t\t\t<div class=\"elementor-element elementor-element-04bb0c5 section-novice-element elementor-widget elementor-widget-html\" data-id=\"04bb0c5\" data-element_type=\"widget\" data-widget_type=\"html.default\">\n\t\t\t\t<div class=\"elementor-widget-container\">\n\t\t\t<div data-mooform-id=\"8e71c876-2339-4121-bb69-d76cc259cff4\" ><script>if(!window.mootrack){ !function(t,n,e,o,a){function d(t){var n=~~(Date.now()\/3e5),o=document.createElement(e);o.async=!0,o.src=t+\"?ts=\"+n;var a=document.getElementsByTagName(e)[0];a.parentNode.insertBefore(o,a)}t.MooTrackerObject=a,t[a]=t[a]||function(){return t[a].q?void t[a].q.push(arguments):void(t[a].q=[arguments])},window.attachEvent?window.attachEvent(\"onload\",d.bind(this,o)):window.addEventListener(\"load\",d.bind(this,o),!1)}(window,document,\"script\",\"https:\/\/cdn.stat-track.com\/statics\/moosend-tracking.min.js\",\"mootrack\"); } mootrack('loadForm', '8e71c876-2339-4121-bb69-d76cc259cff4');<\/script><\/div>\t\t<\/div>\n\t\t\t\t<\/div>\n\t\t\t\t\t<\/div>\n\t\t<\/div>\n\t\t\t\t\t\t\t<\/div>\n\t\t<\/section>\n\t\t\t\t\t<\/div>\n\t\t<\/div>\n\t\t\t\t\t\t\t<\/div>\n\t\t<\/section>\n\t\t\t\t<section class=\"elementor-section elementor-top-section elementor-element elementor-element-5a30219d swiper-section storitve-section-14 elementor-section-boxed elementor-section-height-default elementor-section-height-default\" data-id=\"5a30219d\" data-element_type=\"section\">\n\t\t\t\t\t\t<div class=\"elementor-container elementor-column-gap-default\">\n\t\t\t\t\t<div class=\"elementor-column elementor-col-100 elementor-top-column elementor-element elementor-element-1ce9d3fc\" data-id=\"1ce9d3fc\" data-element_type=\"column\">\n\t\t\t<div class=\"elementor-widget-wrap elementor-element-populated\">\n\t\t\t\t\t\t\t\t<div class=\"elementor-element elementor-element-8f6df45 elementor-widget elementor-widget-lesoteka-text\" data-id=\"8f6df45\" data-element_type=\"widget\" data-widget_type=\"lesoteka-text.default\">\n\t\t\t\t<div class=\"elementor-widget-container\">\n\t\t\t\t\t<div class=\"lesoteka-text-widget\">\r\n\t\t\t\t\t\t\t<h2 class=\"title lesoteka-text-color\" style=\"text-align: center\">Archiv von <\/h2>\r\n\t\t\t\t\t\t\t<span class=\"subtitle lesoteka-text-color\" style=\"text-align: center\">Nachrichten und Veranstaltungen<\/span>\r\n\t\t\t\t\t\t\t<p class=\"text lesoteka-text-color\" style=\"text-align: left\"><\/p>\r\n\t\t<\/div>\r\n\t\t\t\t<\/div>\n\t\t\t\t<\/div>\n\t\t\t\t<div class=\"elementor-element elementor-element-f5b8992 elementor-widget elementor-widget-lesoteka-post-types-grid-view\" data-id=\"f5b8992\" data-element_type=\"widget\" data-widget_type=\"lesoteka-post-types-grid-view.default\">\n\t\t\t\t<div class=\"elementor-widget-container\">\n\t\t\t\t\t <div class=\"lesoteka-grid-view lesoteka-post-type-grid-view\" style=\"grid-template-columns: repeat(auto-fill, 330px); gap:25px;\">\r\n\t\t\t \t\t\t\t\t\t\t\t<div class=\"lesoteka-grid-view-wrapper\" style=\"height: 350px;width: 330px;\">\r\n\t\t\t\t\t<div class=\"lesoteka-grid-view-inner\" style=\" height: 100%; \">\r\n\t\t\t\t\t\t\t<a href=\"https:\/\/www.lesoteka.si\/de\/wir-eroeffnen-das-groesste-holzzentrum-in-koroska\/\">\r\n\t\t\t\t\t\t\t\t<div class=\"image\" style=\"height: 100%;\">\r\n\t\t\t\t\t\t\t\t\t<img decoding=\"async\" class=\"attachment-storitve_thumbnail size-storitve_thumbnail wp-post-image\" style=\"height: 100%;\" src=\"https:\/\/www.lesoteka.si\/wp-content\/uploads\/2025\/03\/Sentjanz-trgovina-otvoritev-330x350.png\" alt=\"Wir er\u00f6ffnen das gr\u00f6\u00dfte Holzzentrum in Koro\u0161ka\" title=\"Wir er\u00f6ffnen das gr\u00f6\u00dfte Holzzentrum in Koro\u0161ka\"\/>\r\n\t\t\t\t\t\t\t\t<\/div>\r\n\t\t\t\t\t\t\t\t\t\t\t\t\t\t\t\t<div class=\"post-content\">\r\n\t\t\t\t\t\t\t\t\t<div class=\"post-meta\">\r\n\t\t\t\t\t\t\t\t\t\t<span>Neuigkeiten<\/span> | <span>Lesoteka<\/span> | <span>27.03.2025<\/span>\r\n\t\t\t\t\t\t\t\t\t<\/div>\r\n\t\t\t\t\t\t\t\t\t<div class=\"post-title\">\r\n\t\t\t\t\t\t\t\t\t\t<strong>Wir er\u00f6ffnen das gr\u00f6\u00dfte Holzzentrum in Koro\u0161ka<\/strong>\r\n\t\t\t\t\t\t\t\t\t<\/div>\r\n\t\t\t\t\t\t\t\t\t<div class=\"post-excerpt\">\r\n\t\t\t\t\t\t\t\t\t\t<span>Mit gro\u00dfer Freude teilen wir Ihnen mit, dass wir am 31.03.2025 in \u0160entjan\u017e pri Dravogradu...<\/span>\r\n\t\t\t\t\t\t\t\t\t<\/div>\r\n\t\t\t\t\t\t\t\t\t<div class=\"post-read-more\">\r\n\t\t\t\t\t\t\t\t\t\t<strong>Mehr lesen ><\/strong>\r\n\t\t\t\t\t\t\t\t\t<\/div>\r\n\t\t\t\t\t\t\t\t<\/div>\r\n\t\t\t\t\t\t\t<\/a>\r\n\t\t\t\t\t<\/div>\r\n\t\t\t\t<\/div>\r\n\t\t\t \t\t\t\t\t\t\t\t<div class=\"lesoteka-grid-view-wrapper\" style=\"height: 350px;width: 330px;\">\r\n\t\t\t\t\t<div class=\"lesoteka-grid-view-inner\" style=\" height: 100%; \">\r\n\t\t\t\t\t\t\t<a href=\"https:\/\/www.lesoteka.si\/de\/montagehallen-neues-produkt-in-unserem-angebot\/\">\r\n\t\t\t\t\t\t\t\t<div class=\"image\" style=\"height: 100%;\">\r\n\t\t\t\t\t\t\t\t\t<img decoding=\"async\" class=\"attachment-storitve_thumbnail size-storitve_thumbnail wp-post-image\" style=\"height: 100%;\" src=\"https:\/\/www.lesoteka.si\/wp-content\/uploads\/2025\/03\/Novica-industrijske-hale-grid-330x350.jpg\" alt=\"Montagehallen \u2013 Neues Produkt in unserem Angebot\" title=\"Montagehallen \u2013 Neues Produkt in unserem Angebot\"\/>\r\n\t\t\t\t\t\t\t\t<\/div>\r\n\t\t\t\t\t\t\t\t\t\t\t\t\t\t\t\t<div class=\"post-content\">\r\n\t\t\t\t\t\t\t\t\t<div class=\"post-meta\">\r\n\t\t\t\t\t\t\t\t\t\t<span>Neuigkeiten<\/span> | <span>Lesoteka<\/span> | <span>21.03.2025<\/span>\r\n\t\t\t\t\t\t\t\t\t<\/div>\r\n\t\t\t\t\t\t\t\t\t<div class=\"post-title\">\r\n\t\t\t\t\t\t\t\t\t\t<strong>Montagehallen \u2013 Neues Produkt in unserem Angebot<\/strong>\r\n\t\t\t\t\t\t\t\t\t<\/div>\r\n\t\t\t\t\t\t\t\t\t<div class=\"post-excerpt\">\r\n\t\t\t\t\t\t\t\t\t\t<span>Bei Lesoteka GROUP sind wir uns bewusst, dass die Suche nach neuen M\u00f6glichkeiten und die...<\/span>\r\n\t\t\t\t\t\t\t\t\t<\/div>\r\n\t\t\t\t\t\t\t\t\t<div class=\"post-read-more\">\r\n\t\t\t\t\t\t\t\t\t\t<strong>Mehr lesen ><\/strong>\r\n\t\t\t\t\t\t\t\t\t<\/div>\r\n\t\t\t\t\t\t\t\t<\/div>\r\n\t\t\t\t\t\t\t<\/a>\r\n\t\t\t\t\t<\/div>\r\n\t\t\t\t<\/div>\r\n\t\t\t \t\t\t\t\t\t\t\t<div class=\"lesoteka-grid-view-wrapper\" style=\"height: 350px;width: 330px;\">\r\n\t\t\t\t\t<div class=\"lesoteka-grid-view-inner\" style=\" height: 100%; \">\r\n\t\t\t\t\t\t\t<a href=\"https:\/\/www.lesoteka.si\/de\/19-auktion-wertvollerer-holzsortimente\/\">\r\n\t\t\t\t\t\t\t\t<div class=\"image\" style=\"height: 100%;\">\r\n\t\t\t\t\t\t\t\t\t<img decoding=\"async\" class=\"attachment-storitve_thumbnail size-storitve_thumbnail wp-post-image\" style=\"height: 100%;\" src=\"https:\/\/www.lesoteka.si\/wp-content\/uploads\/2025\/03\/Licitacija-2025-s-330x350.jpg\" alt=\"19. Auktion wertvollerer Holzsortimente\" title=\"19. Auktion wertvollerer Holzsortimente\"\/>\r\n\t\t\t\t\t\t\t\t<\/div>\r\n\t\t\t\t\t\t\t\t\t\t\t\t\t\t\t\t<div class=\"post-content\">\r\n\t\t\t\t\t\t\t\t\t<div class=\"post-meta\">\r\n\t\t\t\t\t\t\t\t\t\t<span>Neuigkeiten<\/span> | <span>Lesoteka<\/span> | <span>10.03.2025<\/span>\r\n\t\t\t\t\t\t\t\t\t<\/div>\r\n\t\t\t\t\t\t\t\t\t<div class=\"post-title\">\r\n\t\t\t\t\t\t\t\t\t\t<strong>19. Auktion wertvollerer Holzsortimente<\/strong>\r\n\t\t\t\t\t\t\t\t\t<\/div>\r\n\t\t\t\t\t\t\t\t\t<div class=\"post-excerpt\">\r\n\t\t\t\t\t\t\t\t\t\t<span>In der Industriezone Pame\u010de bei Slovenj Gradec wurden in diesem Jahr mehr als 6.500 St\u00e4mme...<\/span>\r\n\t\t\t\t\t\t\t\t\t<\/div>\r\n\t\t\t\t\t\t\t\t\t<div class=\"post-read-more\">\r\n\t\t\t\t\t\t\t\t\t\t<strong>Mehr lesen ><\/strong>\r\n\t\t\t\t\t\t\t\t\t<\/div>\r\n\t\t\t\t\t\t\t\t<\/div>\r\n\t\t\t\t\t\t\t<\/a>\r\n\t\t\t\t\t<\/div>\r\n\t\t\t\t<\/div>\r\n\t\t\t \t\t\t\t\t\t\t\t<div class=\"lesoteka-grid-view-wrapper\" style=\"height: 350px;width: 330px;\">\r\n\t\t\t\t\t<div class=\"lesoteka-grid-view-inner\" style=\" height: 100%; \">\r\n\t\t\t\t\t\t\t<a href=\"https:\/\/www.lesoteka.si\/de\/wir-praesentieren-uns-auf-der-koroska-karrieremesse\/\">\r\n\t\t\t\t\t\t\t\t<div class=\"image\" style=\"height: 100%;\">\r\n\t\t\t\t\t\t\t\t\t<img decoding=\"async\" class=\"attachment-storitve_thumbnail size-storitve_thumbnail wp-post-image\" style=\"height: 100%;\" src=\"https:\/\/www.lesoteka.si\/wp-content\/uploads\/2023\/10\/Lesoteka-novice-330x350.jpg\" alt=\"Wir pr\u00e4sentieren uns auf der Koroska Karrieremesse\" title=\"Wir pr\u00e4sentieren uns auf der Koroska Karrieremesse\"\/>\r\n\t\t\t\t\t\t\t\t<\/div>\r\n\t\t\t\t\t\t\t\t\t\t\t\t\t\t\t\t<div class=\"post-content\">\r\n\t\t\t\t\t\t\t\t\t<div class=\"post-meta\">\r\n\t\t\t\t\t\t\t\t\t\t<span>Neuigkeiten<\/span> | <span>Lesoteka<\/span> | <span>10.10.2023<\/span>\r\n\t\t\t\t\t\t\t\t\t<\/div>\r\n\t\t\t\t\t\t\t\t\t<div class=\"post-title\">\r\n\t\t\t\t\t\t\t\t\t\t<strong>Wir pr\u00e4sentieren uns auf der Koroska Karrieremesse<\/strong>\r\n\t\t\t\t\t\t\t\t\t<\/div>\r\n\t\t\t\t\t\t\t\t\t<div class=\"post-excerpt\">\r\n\t\t\t\t\t\t\t\t\t\t<span>Lesoteka stellt sich vor Koroska Karrieremesse Die Wirtschaftskammer K\u00e4rnten und der Club der K\u00e4rntner Studierenden...<\/span>\r\n\t\t\t\t\t\t\t\t\t<\/div>\r\n\t\t\t\t\t\t\t\t\t<div class=\"post-read-more\">\r\n\t\t\t\t\t\t\t\t\t\t<strong>Mehr lesen ><\/strong>\r\n\t\t\t\t\t\t\t\t\t<\/div>\r\n\t\t\t\t\t\t\t\t<\/div>\r\n\t\t\t\t\t\t\t<\/a>\r\n\t\t\t\t\t<\/div>\r\n\t\t\t\t<\/div>\r\n\t\t\t \t\t\t\t\t\t\t\t<div class=\"lesoteka-grid-view-wrapper\" style=\"height: 350px;width: 330px;\">\r\n\t\t\t\t\t<div class=\"lesoteka-grid-view-inner\" style=\" height: 100%; \">\r\n\t\t\t\t\t\t\t<a href=\"https:\/\/www.lesoteka.si\/de\/wir-haben-uns-beim-lesoteka-gruppenpicknick-getroffen\/\">\r\n\t\t\t\t\t\t\t\t<div class=\"image\" style=\"height: 100%;\">\r\n\t\t\t\t\t\t\t\t\t<img decoding=\"async\" class=\"attachment-storitve_thumbnail size-storitve_thumbnail wp-post-image\" style=\"height: 100%;\" src=\"https:\/\/www.lesoteka.si\/wp-content\/uploads\/2023\/10\/Lesoteka-novice-330x350.jpg\" alt=\"Wir haben uns beim Lesoteka-Gruppenpicknick getroffen\" title=\"Wir haben uns beim Lesoteka-Gruppenpicknick getroffen\"\/>\r\n\t\t\t\t\t\t\t\t<\/div>\r\n\t\t\t\t\t\t\t\t\t\t\t\t\t\t\t\t<div class=\"post-content\">\r\n\t\t\t\t\t\t\t\t\t<div class=\"post-meta\">\r\n\t\t\t\t\t\t\t\t\t\t<span>Neuigkeiten<\/span> | <span>Lesoteka<\/span> | <span>23.09.2023<\/span>\r\n\t\t\t\t\t\t\t\t\t<\/div>\r\n\t\t\t\t\t\t\t\t\t<div class=\"post-title\">\r\n\t\t\t\t\t\t\t\t\t\t<strong>Wir haben uns beim Lesoteka-Gruppenpicknick getroffen<\/strong>\r\n\t\t\t\t\t\t\t\t\t<\/div>\r\n\t\t\t\t\t\t\t\t\t<div class=\"post-excerpt\">\r\n\t\t\t\t\t\t\t\t\t\t<span>Geselligkeit im Unternehmen Picknick mit Kollegen Am Samstag, den 23. September 2023, haben wir uns...<\/span>\r\n\t\t\t\t\t\t\t\t\t<\/div>\r\n\t\t\t\t\t\t\t\t\t<div class=\"post-read-more\">\r\n\t\t\t\t\t\t\t\t\t\t<strong>Mehr lesen ><\/strong>\r\n\t\t\t\t\t\t\t\t\t<\/div>\r\n\t\t\t\t\t\t\t\t<\/div>\r\n\t\t\t\t\t\t\t<\/a>\r\n\t\t\t\t\t<\/div>\r\n\t\t\t\t<\/div>\r\n\t\t\t \t\t\t\t\t\t\t\t<div class=\"lesoteka-grid-view-wrapper\" style=\"height: 350px;width: 330px;\">\r\n\t\t\t\t\t<div class=\"lesoteka-grid-view-inner\" style=\" height: 100%; \">\r\n\t\t\t\t\t\t\t<a href=\"https:\/\/www.lesoteka.si\/de\/wir-veroeffentlichen-zahlreiche-neue-stellenangebote\/\">\r\n\t\t\t\t\t\t\t\t<div class=\"image\" style=\"height: 100%;\">\r\n\t\t\t\t\t\t\t\t\t<img decoding=\"async\" class=\"attachment-storitve_thumbnail size-storitve_thumbnail wp-post-image\" style=\"height: 100%;\" src=\"https:\/\/www.lesoteka.si\/wp-content\/uploads\/2023\/09\/Lesoteka-Monter-konstrukcij-330x350.jpg\" alt=\"Wir ver\u00f6ffentlichen zahlreiche neue Stellenangebote\" title=\"Wir ver\u00f6ffentlichen zahlreiche neue Stellenangebote\"\/>\r\n\t\t\t\t\t\t\t\t<\/div>\r\n\t\t\t\t\t\t\t\t\t\t\t\t\t\t\t\t<div class=\"post-content\">\r\n\t\t\t\t\t\t\t\t\t<div class=\"post-meta\">\r\n\t\t\t\t\t\t\t\t\t\t<span>Neuigkeiten<\/span> | <span>Lesoteka<\/span> | <span>22.09.2023<\/span>\r\n\t\t\t\t\t\t\t\t\t<\/div>\r\n\t\t\t\t\t\t\t\t\t<div class=\"post-title\">\r\n\t\t\t\t\t\t\t\t\t\t<strong>Wir ver\u00f6ffentlichen zahlreiche neue Stellenangebote<\/strong>\r\n\t\t\t\t\t\t\t\t\t<\/div>\r\n\t\t\t\t\t\t\t\t\t<div class=\"post-excerpt\">\r\n\t\t\t\t\t\t\t\t\t\t<span>Besch\u00e4ftigung Neue Chancen f\u00fcr Arbeitssuchende Im Rahmen der Einf\u00fchrung unserer neuen Webseite haben wir auch...<\/span>\r\n\t\t\t\t\t\t\t\t\t<\/div>\r\n\t\t\t\t\t\t\t\t\t<div class=\"post-read-more\">\r\n\t\t\t\t\t\t\t\t\t\t<strong>Mehr lesen ><\/strong>\r\n\t\t\t\t\t\t\t\t\t<\/div>\r\n\t\t\t\t\t\t\t\t<\/div>\r\n\t\t\t\t\t\t\t<\/a>\r\n\t\t\t\t\t<\/div>\r\n\t\t\t\t<\/div>\r\n\t\t\t \t\t\t\t\t\t\t\t<div class=\"lesoteka-grid-view-wrapper\" style=\"height: 350px;width: 330px;\">\r\n\t\t\t\t\t<div class=\"lesoteka-grid-view-inner\" style=\" height: 100%; \">\r\n\t\t\t\t\t\t\t<a href=\"https:\/\/www.lesoteka.si\/de\/wir-haben-die-neue-webseite-gestartet\/\">\r\n\t\t\t\t\t\t\t\t<div class=\"image\" style=\"height: 100%;\">\r\n\t\t\t\t\t\t\t\t\t<img decoding=\"async\" class=\"attachment-storitve_thumbnail size-storitve_thumbnail wp-post-image\" style=\"height: 100%;\" src=\"https:\/\/www.lesoteka.si\/wp-content\/uploads\/2023\/10\/Lesoteka-novice-330x350.jpg\" alt=\"Wir haben die neue Webseite gestartet\" title=\"Wir haben die neue Webseite gestartet\"\/>\r\n\t\t\t\t\t\t\t\t<\/div>\r\n\t\t\t\t\t\t\t\t\t\t\t\t\t\t\t\t<div class=\"post-content\">\r\n\t\t\t\t\t\t\t\t\t<div class=\"post-meta\">\r\n\t\t\t\t\t\t\t\t\t\t<span>Neuigkeiten<\/span> | <span>Lesoteka<\/span> | <span>16.09.2023<\/span>\r\n\t\t\t\t\t\t\t\t\t<\/div>\r\n\t\t\t\t\t\t\t\t\t<div class=\"post-title\">\r\n\t\t\t\t\t\t\t\t\t\t<strong>Wir haben die neue Webseite gestartet<\/strong>\r\n\t\t\t\t\t\t\t\t\t<\/div>\r\n\t\t\t\t\t\t\t\t\t<div class=\"post-excerpt\">\r\n\t\t\t\t\t\t\t\t\t\t<span>\u00dcberarbeitung der Webseite www.lesoteka.si Heute haben wir eine neue Webseite eingef\u00fchrt, die die gr\u00fcndlich abgenutzte...<\/span>\r\n\t\t\t\t\t\t\t\t\t<\/div>\r\n\t\t\t\t\t\t\t\t\t<div class=\"post-read-more\">\r\n\t\t\t\t\t\t\t\t\t\t<strong>Mehr lesen ><\/strong>\r\n\t\t\t\t\t\t\t\t\t<\/div>\r\n\t\t\t\t\t\t\t\t<\/div>\r\n\t\t\t\t\t\t\t<\/a>\r\n\t\t\t\t\t<\/div>\r\n\t\t\t\t<\/div>\r\n\t\t\t \t\t\t\t\t\t\t\t<div class=\"lesoteka-grid-view-wrapper\" style=\"height: 350px;width: 330px;\">\r\n\t\t\t\t\t<div class=\"lesoteka-grid-view-inner\" style=\" height: 100%; \">\r\n\t\t\t\t\t\t\t<a href=\"https:\/\/www.lesoteka.si\/de\/mos-messe-celje-2023\/\">\r\n\t\t\t\t\t\t\t\t<div class=\"image\" style=\"height: 100%;\">\r\n\t\t\t\t\t\t\t\t\t<img decoding=\"async\" class=\"attachment-storitve_thumbnail size-storitve_thumbnail wp-post-image\" style=\"height: 100%;\" src=\"https:\/\/www.lesoteka.si\/wp-content\/uploads\/2023\/10\/Lesoteka-novice-330x350.jpg\" alt=\"Lesoteka stellt sich am MOS Messe Celje vor\" title=\"Lesoteka stellt sich am MOS Messe Celje vor\"\/>\r\n\t\t\t\t\t\t\t\t<\/div>\r\n\t\t\t\t\t\t\t\t\t\t\t\t\t\t\t\t<div class=\"post-content\">\r\n\t\t\t\t\t\t\t\t\t<div class=\"post-meta\">\r\n\t\t\t\t\t\t\t\t\t\t<span>Neuigkeiten<\/span> | <span>Lesoteka<\/span> | <span>15.09.2023<\/span>\r\n\t\t\t\t\t\t\t\t\t<\/div>\r\n\t\t\t\t\t\t\t\t\t<div class=\"post-title\">\r\n\t\t\t\t\t\t\t\t\t\t<strong>Lesoteka stellt sich am MOS Messe Celje vor<\/strong>\r\n\t\t\t\t\t\t\t\t\t<\/div>\r\n\t\t\t\t\t\t\t\t\t<div class=\"post-excerpt\">\r\n\t\t\t\t\t\t\t\t\t\t<span>Lesoteka stellt sich vor Wir haben auf der Handwerksmesse MOS 2023 ausgestellt Vom 13. bis...<\/span>\r\n\t\t\t\t\t\t\t\t\t<\/div>\r\n\t\t\t\t\t\t\t\t\t<div class=\"post-read-more\">\r\n\t\t\t\t\t\t\t\t\t\t<strong>Mehr lesen ><\/strong>\r\n\t\t\t\t\t\t\t\t\t<\/div>\r\n\t\t\t\t\t\t\t\t<\/div>\r\n\t\t\t\t\t\t\t<\/a>\r\n\t\t\t\t\t<\/div>\r\n\t\t\t\t<\/div>\r\n\t\t\t \t\t\t\t\t\t\t\t<div class=\"lesoteka-grid-view-wrapper\" style=\"height: 350px;width: 330px;\">\r\n\t\t\t\t\t<div class=\"lesoteka-grid-view-inner\" style=\" height: 100%; \">\r\n\t\t\t\t\t\t\t<a href=\"https:\/\/www.lesoteka.si\/de\/influencer-bobnar7-zu-besuch-bei-lesoteka\/\">\r\n\t\t\t\t\t\t\t\t<div class=\"image\" style=\"height: 100%;\">\r\n\t\t\t\t\t\t\t\t\t<img decoding=\"async\" class=\"attachment-storitve_thumbnail size-storitve_thumbnail wp-post-image\" style=\"height: 100%;\" src=\"https:\/\/www.lesoteka.si\/wp-content\/uploads\/2023\/05\/374207606_878818037170125_4582837545952309032_n-330x350.jpg\" alt=\"Influencer Bobnar7 zu Besuch bei Lesoteka\" title=\"Influencer Bobnar7 zu Besuch bei Lesoteka\"\/>\r\n\t\t\t\t\t\t\t\t<\/div>\r\n\t\t\t\t\t\t\t\t\t\t\t\t\t\t\t\t<div class=\"post-content\">\r\n\t\t\t\t\t\t\t\t\t<div class=\"post-meta\">\r\n\t\t\t\t\t\t\t\t\t\t<span>Neuigkeiten<\/span> | <span>Lesoteka<\/span> | <span>12.09.2023<\/span>\r\n\t\t\t\t\t\t\t\t\t<\/div>\r\n\t\t\t\t\t\t\t\t\t<div class=\"post-title\">\r\n\t\t\t\t\t\t\t\t\t\t<strong>Influencer Bobnar7 zu Besuch bei Lesoteka<\/strong>\r\n\t\t\t\t\t\t\t\t\t<\/div>\r\n\t\t\t\t\t\t\t\t\t<div class=\"post-excerpt\">\r\n\t\t\t\t\t\t\t\t\t\t<span>Pr\u00e4sentationsvideo in Zusammenarbeit mit Bobnar7 F\u00fcr unsere Lesoteka ENplus A1 Pellets Der Influencer und wahrscheinlich...<\/span>\r\n\t\t\t\t\t\t\t\t\t<\/div>\r\n\t\t\t\t\t\t\t\t\t<div class=\"post-read-more\">\r\n\t\t\t\t\t\t\t\t\t\t<strong>Mehr lesen ><\/strong>\r\n\t\t\t\t\t\t\t\t\t<\/div>\r\n\t\t\t\t\t\t\t\t<\/div>\r\n\t\t\t\t\t\t\t<\/a>\r\n\t\t\t\t\t<\/div>\r\n\t\t\t\t<\/div>\r\n\t\t\t \t\t\t\t\t\t\t\t<div class=\"lesoteka-grid-view-wrapper\" style=\"height: 350px;width: 330px;\">\r\n\t\t\t\t\t<div class=\"lesoteka-grid-view-inner\" style=\" height: 100%; \">\r\n\t\t\t\t\t\t\t<a href=\"https:\/\/www.lesoteka.si\/de\/14-august-tag-der-solidaritaet\/\">\r\n\t\t\t\t\t\t\t\t<div class=\"image\" style=\"height: 100%;\">\r\n\t\t\t\t\t\t\t\t\t<img decoding=\"async\" class=\"attachment-storitve_thumbnail size-storitve_thumbnail wp-post-image\" style=\"height: 100%;\" src=\"https:\/\/www.lesoteka.si\/wp-content\/uploads\/2023\/10\/Lesoteka-novice-330x350.jpg\" alt=\"14. August &#8211; Tag der Solidarit\u00e4t und gesellschaftliche Verantwortung\" title=\"14. August &#8211; Tag der Solidarit\u00e4t und gesellschaftliche Verantwortung\"\/>\r\n\t\t\t\t\t\t\t\t<\/div>\r\n\t\t\t\t\t\t\t\t\t\t\t\t\t\t\t\t<div class=\"post-content\">\r\n\t\t\t\t\t\t\t\t\t<div class=\"post-meta\">\r\n\t\t\t\t\t\t\t\t\t\t<span>Neuigkeiten<\/span> | <span>Lesoteka<\/span> | <span>14.08.2023<\/span>\r\n\t\t\t\t\t\t\t\t\t<\/div>\r\n\t\t\t\t\t\t\t\t\t<div class=\"post-title\">\r\n\t\t\t\t\t\t\t\t\t\t<strong>14. August &#8211; Tag der Solidarit\u00e4t und gesellschaftliche Verantwortung<\/strong>\r\n\t\t\t\t\t\t\t\t\t<\/div>\r\n\t\t\t\t\t\t\t\t\t<div class=\"post-excerpt\">\r\n\t\t\t\t\t\t\t\t\t\t<span>unsere gesellschaftliche Verantwortung Hilfe bei den gro\u00dfen \u00dcberschwemmungen im August 2023 Am Montag, dem 14....<\/span>\r\n\t\t\t\t\t\t\t\t\t<\/div>\r\n\t\t\t\t\t\t\t\t\t<div class=\"post-read-more\">\r\n\t\t\t\t\t\t\t\t\t\t<strong>Mehr lesen ><\/strong>\r\n\t\t\t\t\t\t\t\t\t<\/div>\r\n\t\t\t\t\t\t\t\t<\/div>\r\n\t\t\t\t\t\t\t<\/a>\r\n\t\t\t\t\t<\/div>\r\n\t\t\t\t<\/div>\r\n\t\t\t \t\t\t\t\t\t\t\t<div class=\"lesoteka-grid-view-wrapper\" style=\"height: 350px;width: 330px;\">\r\n\t\t\t\t\t<div class=\"lesoteka-grid-view-inner\" style=\" height: 100%; \">\r\n\t\t\t\t\t\t\t<a href=\"https:\/\/www.lesoteka.si\/de\/holzzwerg-kindergarten\/\">\r\n\t\t\t\t\t\t\t\t<div class=\"image\" style=\"height: 100%;\">\r\n\t\t\t\t\t\t\t\t\t<img decoding=\"async\" class=\"attachment-storitve_thumbnail size-storitve_thumbnail wp-post-image\" style=\"height: 100%;\" src=\"https:\/\/www.lesoteka.si\/wp-content\/uploads\/2023\/06\/Lesoteka-Javno-zasebno-partnerstvo-330x350.jpg\" alt=\"Unser erster Massivholz Holzzwerg Kindergarten\" title=\"Unser erster Massivholz Holzzwerg Kindergarten\"\/>\r\n\t\t\t\t\t\t\t\t<\/div>\r\n\t\t\t\t\t\t\t\t\t\t\t\t\t\t\t\t<div class=\"post-content\">\r\n\t\t\t\t\t\t\t\t\t<div class=\"post-meta\">\r\n\t\t\t\t\t\t\t\t\t\t<span>Neuigkeiten<\/span> | <span>Lesoteka<\/span> | <span>15.06.2023<\/span>\r\n\t\t\t\t\t\t\t\t\t<\/div>\r\n\t\t\t\t\t\t\t\t\t<div class=\"post-title\">\r\n\t\t\t\t\t\t\t\t\t\t<strong>Unser erster Massivholz Holzzwerg Kindergarten<\/strong>\r\n\t\t\t\t\t\t\t\t\t<\/div>\r\n\t\t\t\t\t\t\t\t\t<div class=\"post-excerpt\">\r\n\t\t\t\t\t\t\t\t\t\t<span>Massivholz Kindergarten Projekt der \u00f6ffentlich-privaten Partnerschaft Endlich haben wir auch in K\u00e4rnten, dem Land der...<\/span>\r\n\t\t\t\t\t\t\t\t\t<\/div>\r\n\t\t\t\t\t\t\t\t\t<div class=\"post-read-more\">\r\n\t\t\t\t\t\t\t\t\t\t<strong>Mehr lesen ><\/strong>\r\n\t\t\t\t\t\t\t\t\t<\/div>\r\n\t\t\t\t\t\t\t\t<\/div>\r\n\t\t\t\t\t\t\t<\/a>\r\n\t\t\t\t\t<\/div>\r\n\t\t\t\t<\/div>\r\n\t\t\t \t\t\t\t\t\t\t\t<div class=\"lesoteka-grid-view-wrapper\" style=\"height: 350px;width: 330px;\">\r\n\t\t\t\t\t<div class=\"lesoteka-grid-view-inner\" style=\" height: 100%; \">\r\n\t\t\t\t\t\t\t<a href=\"https:\/\/www.lesoteka.si\/de\/tag-der-offenen-tuer-unserer-saege-in-sentjanz\/\">\r\n\t\t\t\t\t\t\t\t<div class=\"image\" style=\"height: 100%;\">\r\n\t\t\t\t\t\t\t\t\t<img decoding=\"async\" class=\"attachment-storitve_thumbnail size-storitve_thumbnail wp-post-image\" style=\"height: 100%;\" src=\"https:\/\/www.lesoteka.si\/wp-content\/uploads\/2023\/09\/Lesoteka-delo-na-zagi-330x350.jpg\" alt=\"Tag der offenen T\u00fcr unserer S\u00e4ge in \u0160entjan\u017e\" title=\"Tag der offenen T\u00fcr unserer S\u00e4ge in \u0160entjan\u017e\"\/>\r\n\t\t\t\t\t\t\t\t<\/div>\r\n\t\t\t\t\t\t\t\t\t\t\t\t\t\t\t\t<div class=\"post-content\">\r\n\t\t\t\t\t\t\t\t\t<div class=\"post-meta\">\r\n\t\t\t\t\t\t\t\t\t\t<span>Neuigkeiten<\/span> | <span>Lesoteka<\/span> | <span>15.09.2022<\/span>\r\n\t\t\t\t\t\t\t\t\t<\/div>\r\n\t\t\t\t\t\t\t\t\t<div class=\"post-title\">\r\n\t\t\t\t\t\t\t\t\t\t<strong>Tag der offenen T\u00fcr unserer S\u00e4ge in \u0160entjan\u017e<\/strong>\r\n\t\t\t\t\t\t\t\t\t<\/div>\r\n\t\t\t\t\t\t\t\t\t<div class=\"post-excerpt\">\r\n\t\t\t\t\t\t\t\t\t\t<span>Neue S\u00e4gewerkanlage Nach dem verheerenden Brand Das Lesoteka S\u00e4gewerk in \u0160entjan\u017e bei Dravograd \u00f6ffnete seine...<\/span>\r\n\t\t\t\t\t\t\t\t\t<\/div>\r\n\t\t\t\t\t\t\t\t\t<div class=\"post-read-more\">\r\n\t\t\t\t\t\t\t\t\t\t<strong>Mehr lesen ><\/strong>\r\n\t\t\t\t\t\t\t\t\t<\/div>\r\n\t\t\t\t\t\t\t\t<\/div>\r\n\t\t\t\t\t\t\t<\/a>\r\n\t\t\t\t\t<\/div>\r\n\t\t\t\t<\/div>\r\n\t\t\t \t\t\t\t\t\t\t\t<div class=\"lesoteka-grid-view-wrapper\" style=\"height: 350px;width: 330px;\">\r\n\t\t\t\t\t<div class=\"lesoteka-grid-view-inner\" style=\" height: 100%; \">\r\n\t\t\t\t\t\t\t<a href=\"https:\/\/www.lesoteka.si\/de\/pressekonferenz-und-tag-der-offenen-tuer\/\">\r\n\t\t\t\t\t\t\t\t<div class=\"image\" style=\"height: 100%;\">\r\n\t\t\t\t\t\t\t\t\t<img decoding=\"async\" class=\"attachment-storitve_thumbnail size-storitve_thumbnail wp-post-image\" style=\"height: 100%;\" src=\"https:\/\/www.lesoteka.si\/wp-content\/uploads\/2023\/10\/Lesoteka-novice-330x350.jpg\" alt=\"Pressekonferenz und Tag der offenen T\u00fcr\" title=\"Pressekonferenz und Tag der offenen T\u00fcr\"\/>\r\n\t\t\t\t\t\t\t\t<\/div>\r\n\t\t\t\t\t\t\t\t\t\t\t\t\t\t\t\t<div class=\"post-content\">\r\n\t\t\t\t\t\t\t\t\t<div class=\"post-meta\">\r\n\t\t\t\t\t\t\t\t\t\t<span>Neuigkeiten<\/span> | <span>Lesoteka<\/span> | <span>15.09.2016<\/span>\r\n\t\t\t\t\t\t\t\t\t<\/div>\r\n\t\t\t\t\t\t\t\t\t<div class=\"post-title\">\r\n\t\t\t\t\t\t\t\t\t\t<strong>Pressekonferenz und Tag der offenen T\u00fcr<\/strong>\r\n\t\t\t\t\t\t\t\t\t<\/div>\r\n\t\t\t\t\t\t\t\t\t<div class=\"post-excerpt\">\r\n\t\t\t\t\t\t\t\t\t\t<span>Holzkinderg\u00e4rten in Koroska Treffen aller Beteiligten Lesoteka H\u00e4user verf\u00fcgt \u00fcber Erfahrung, Wissen und ein Team...<\/span>\r\n\t\t\t\t\t\t\t\t\t<\/div>\r\n\t\t\t\t\t\t\t\t\t<div class=\"post-read-more\">\r\n\t\t\t\t\t\t\t\t\t\t<strong>Mehr lesen ><\/strong>\r\n\t\t\t\t\t\t\t\t\t<\/div>\r\n\t\t\t\t\t\t\t\t<\/div>\r\n\t\t\t\t\t\t\t<\/a>\r\n\t\t\t\t\t<\/div>\r\n\t\t\t\t<\/div>\r\n\t\t\t \t\t\t\t\t\t\t\t<div class=\"lesoteka-grid-view-wrapper\" style=\"height: 350px;width: 330px;\">\r\n\t\t\t\t\t<div class=\"lesoteka-grid-view-inner\" style=\" height: 100%; \">\r\n\t\t\t\t\t\t\t<a href=\"https:\/\/www.lesoteka.si\/de\/kindergarten-waldzwerg\/\">\r\n\t\t\t\t\t\t\t\t<div class=\"image\" style=\"height: 100%;\">\r\n\t\t\t\t\t\t\t\t\t<img decoding=\"async\" class=\"attachment-storitve_thumbnail size-storitve_thumbnail wp-post-image\" style=\"height: 100%;\" src=\"https:\/\/www.lesoteka.si\/wp-content\/uploads\/2023\/09\/DSCF3029-1-330x350.jpg\" alt=\"Unser zweiter Massivholz Kindergarten Waldzwerg\" title=\"Unser zweiter Massivholz Kindergarten Waldzwerg\"\/>\r\n\t\t\t\t\t\t\t\t<\/div>\r\n\t\t\t\t\t\t\t\t\t\t\t\t\t\t\t\t<div class=\"post-content\">\r\n\t\t\t\t\t\t\t\t\t<div class=\"post-meta\">\r\n\t\t\t\t\t\t\t\t\t\t<span>Neuigkeiten<\/span> | <span>Lesoteka<\/span> | <span>01.09.2016<\/span>\r\n\t\t\t\t\t\t\t\t\t<\/div>\r\n\t\t\t\t\t\t\t\t\t<div class=\"post-title\">\r\n\t\t\t\t\t\t\t\t\t\t<strong>Unser zweiter Massivholz Kindergarten Waldzwerg<\/strong>\r\n\t\t\t\t\t\t\t\t\t<\/div>\r\n\t\t\t\t\t\t\t\t\t<div class=\"post-excerpt\">\r\n\t\t\t\t\t\t\t\t\t\t<span>Kindergarten Waldzwerg Das zweite Holzkindergarten in K\u00e4rnten hat seine T\u00fcren ge\u00f6ffnet Die Stra\u00dfen, die auf...<\/span>\r\n\t\t\t\t\t\t\t\t\t<\/div>\r\n\t\t\t\t\t\t\t\t\t<div class=\"post-read-more\">\r\n\t\t\t\t\t\t\t\t\t\t<strong>Mehr lesen ><\/strong>\r\n\t\t\t\t\t\t\t\t\t<\/div>\r\n\t\t\t\t\t\t\t\t<\/div>\r\n\t\t\t\t\t\t\t<\/a>\r\n\t\t\t\t\t<\/div>\r\n\t\t\t\t<\/div>\r\n\t\t\t \t\t<\/div>\r\n\t\t<div class=\"pagination-lesoteka-post-type-grid-view\">\r\n\t\t\t\t\t<\/div>\r\n\t\t\t\t<\/div>\n\t\t\t\t<\/div>\n\t\t\t\t\t<\/div>\n\t\t<\/div>\n\t\t\t\t\t\t\t<\/div>\n\t\t<\/section>\n\t\t\t\t<section class=\"elementor-section elementor-top-section elementor-element elementor-element-d6f2f9c elementor-section-boxed elementor-section-height-default elementor-section-height-default\" data-id=\"d6f2f9c\" data-element_type=\"section\">\n\t\t\t\t\t\t\t<div class=\"elementor-background-overlay\"><\/div>\n\t\t\t\t\t\t\t<div class=\"elementor-container elementor-column-gap-default\">\n\t\t\t\t\t<div class=\"elementor-column elementor-col-100 elementor-top-column elementor-element elementor-element-e7ceeb3\" data-id=\"e7ceeb3\" data-element_type=\"column\">\n\t\t\t<div class=\"elementor-widget-wrap elementor-element-populated\">\n\t\t\t\t\t\t\t\t<section class=\"elementor-section elementor-inner-section elementor-element elementor-element-afe6413 elementor-section-boxed elementor-section-height-default elementor-section-height-default\" data-id=\"afe6413\" data-element_type=\"section\">\n\t\t\t\t\t\t<div class=\"elementor-container elementor-column-gap-default\">\n\t\t\t\t\t<div class=\"elementor-column elementor-col-50 elementor-inner-column elementor-element elementor-element-f59b2f7\" data-id=\"f59b2f7\" data-element_type=\"column\">\n\t\t\t<div class=\"elementor-widget-wrap elementor-element-populated\">\n\t\t\t\t\t\t\t\t<div class=\"elementor-element elementor-element-b8ceddc elementor-widget elementor-widget-lesoteka-text\" data-id=\"b8ceddc\" data-element_type=\"widget\" data-widget_type=\"lesoteka-text.default\">\n\t\t\t\t<div class=\"elementor-widget-container\">\n\t\t\t\t\t<div class=\"lesoteka-text-widget\">\r\n\t\t\t\t\t\t\t<h2 class=\"title lesoteka-text-color\" style=\"text-align: left\">Viharnik Magazin<\/h2>\r\n\t\t\t\t\t\t\t<span class=\"subtitle lesoteka-text-color\" style=\"text-align: left\">Seit 50 Jahren bei Ihnen.<\/span>\r\n\t\t\t\t\t\t\t<p class=\"text lesoteka-text-color\" style=\"text-align: left\">Forst- und Landwirtschaftsnachrichten. \nDie vielf\u00e4ltigen Inhalte, die gr\u00f6\u00dftenteils von unseren Leserinnen und Lesern geschrieben werden, werden durch sch\u00f6ne Fotos erg\u00e4nzt, die das einfallsreiche und ansprechende grafische Design der Zeitschrift abrunden. Ein Teil des Raums ist auch f\u00fcr Werbetreibende reserviert, die der \u00d6ffentlichkeit ihre Produkte oder Dienstleistungen vorstellen m\u00f6chten.<\/p>\r\n\t\t<\/div>\r\n\t\t\t\t<\/div>\n\t\t\t\t<\/div>\n\t\t\t\t\t<\/div>\n\t\t<\/div>\n\t\t\t\t<div class=\"elementor-column elementor-col-50 elementor-inner-column elementor-element elementor-element-3744fef\" data-id=\"3744fef\" data-element_type=\"column\">\n\t\t\t<div class=\"elementor-widget-wrap elementor-element-populated\">\n\t\t\t\t\t\t\t\t<div class=\"elementor-element elementor-element-0f9a310 elementor-widget elementor-widget-spacer\" data-id=\"0f9a310\" data-element_type=\"widget\" data-widget_type=\"spacer.default\">\n\t\t\t\t<div class=\"elementor-widget-container\">\n\t\t\t<style>\/*! elementor - v3.17.0 - 08-11-2023 *\/\n.elementor-column .elementor-spacer-inner{height:var(--spacer-size)}.e-con{--container-widget-width:100%}.e-con-inner>.elementor-widget-spacer,.e-con>.elementor-widget-spacer{width:var(--container-widget-width,var(--spacer-size));--align-self:var(--container-widget-align-self,initial);--flex-shrink:0}.e-con-inner>.elementor-widget-spacer>.elementor-widget-container,.e-con>.elementor-widget-spacer>.elementor-widget-container{height:100%;width:100%}.e-con-inner>.elementor-widget-spacer>.elementor-widget-container>.elementor-spacer,.e-con>.elementor-widget-spacer>.elementor-widget-container>.elementor-spacer{height:100%}.e-con-inner>.elementor-widget-spacer>.elementor-widget-container>.elementor-spacer>.elementor-spacer-inner,.e-con>.elementor-widget-spacer>.elementor-widget-container>.elementor-spacer>.elementor-spacer-inner{height:var(--container-widget-height,var(--spacer-size))}.e-con-inner>.elementor-widget-spacer.elementor-widget-empty,.e-con>.elementor-widget-spacer.elementor-widget-empty{position:relative;min-height:22px;min-width:22px}.e-con-inner>.elementor-widget-spacer.elementor-widget-empty .elementor-widget-empty-icon,.e-con>.elementor-widget-spacer.elementor-widget-empty .elementor-widget-empty-icon{position:absolute;top:0;bottom:0;left:0;right:0;margin:auto;padding:0;width:22px;height:22px}<\/style>\t\t<div class=\"elementor-spacer\">\n\t\t\t<div class=\"elementor-spacer-inner\"><\/div>\n\t\t<\/div>\n\t\t\t\t<\/div>\n\t\t\t\t<\/div>\n\t\t\t\t\t<\/div>\n\t\t<\/div>\n\t\t\t\t\t\t\t<\/div>\n\t\t<\/section>\n\t\t\t\t\t<\/div>\n\t\t<\/div>\n\t\t\t\t\t\t\t<\/div>\n\t\t<\/section>\n\t\t\t\t<section class=\"elementor-section elementor-top-section elementor-element elementor-element-23efe28 elementor-section-boxed elementor-section-height-default elementor-section-height-default\" data-id=\"23efe28\" data-element_type=\"section\" data-settings=\"{&quot;background_background&quot;:&quot;classic&quot;}\">\n\t\t\t\t\t\t<div class=\"elementor-container elementor-column-gap-default\">\n\t\t\t\t\t<div class=\"elementor-column elementor-col-100 elementor-top-column elementor-element elementor-element-96df63b\" data-id=\"96df63b\" data-element_type=\"column\">\n\t\t\t<div class=\"elementor-widget-wrap elementor-element-populated\">\n\t\t\t\t\t\t\t\t<section class=\"elementor-section elementor-inner-section elementor-element elementor-element-ec9350b elementor-section-boxed elementor-section-height-default elementor-section-height-default\" data-id=\"ec9350b\" data-element_type=\"section\">\n\t\t\t\t\t\t<div class=\"elementor-container elementor-column-gap-default\">\n\t\t\t\t\t<div class=\"elementor-column elementor-col-50 elementor-inner-column elementor-element elementor-element-53d6025\" data-id=\"53d6025\" data-element_type=\"column\">\n\t\t\t<div class=\"elementor-widget-wrap elementor-element-populated\">\n\t\t\t\t\t\t\t\t<div class=\"elementor-element elementor-element-4a729fe elementor-widget elementor-widget-lesoteka-text\" data-id=\"4a729fe\" data-element_type=\"widget\" data-widget_type=\"lesoteka-text.default\">\n\t\t\t\t<div class=\"elementor-widget-container\">\n\t\t\t\t\t<div class=\"lesoteka-text-widget\">\r\n\t\t\t\t\t\t\t<h2 class=\"title lesoteka-text-color\" style=\"text-align: left\">Bestellung der gedruckten Zeitschrift<\/h2>\r\n\t\t\t\t\t\t\t<span class=\"subtitle lesoteka-text-color\" style=\"text-align: left\"><\/span>\r\n\t\t\t\t\t\t\t<p class=\"text lesoteka-text-color\" style=\"text-align: left\">M\u00f6chten Sie Viharnik zu Hause erhalten? Schreiben Sie uns oder rufen Sie uns an, und Sie werden es jeden Monat in Ihrem Briefkasten finden.<\/p>\r\n\t\t<\/div>\r\n\t\t\t\t<\/div>\n\t\t\t\t<\/div>\n\t\t\t\t\t<\/div>\n\t\t<\/div>\n\t\t\t\t<div class=\"elementor-column elementor-col-50 elementor-inner-column elementor-element elementor-element-111d021\" data-id=\"111d021\" data-element_type=\"column\">\n\t\t\t<div class=\"elementor-widget-wrap elementor-element-populated\">\n\t\t\t\t\t\t\t\t<div class=\"elementor-element elementor-element-a41c43f elementor-mobile-align-center elementor-widget elementor-widget-button\" data-id=\"a41c43f\" data-element_type=\"widget\" data-widget_type=\"button.default\">\n\t\t\t\t<div class=\"elementor-widget-container\">\n\t\t\t\t\t<div class=\"elementor-button-wrapper\">\n\t\t\t<a class=\"elementor-button elementor-button-link elementor-size-sm\" href=\"\/de\/lesoteka-group\/kontaktformular\/\">\n\t\t\t\t\t\t<span class=\"elementor-button-content-wrapper\">\n\t\t\t\t\t\t<span class=\"elementor-button-icon elementor-align-icon-right\">\n\t\t\t\t<svg xmlns=\"http:\/\/www.w3.org\/2000\/svg\" width=\"11\" height=\"15\" viewBox=\"0 0 11 15\" fill=\"none\"><rect x=\"3.40918\" y=\"15\" width=\"4.82103\" height=\"10.6063\" transform=\"rotate(-135 3.40918 15)\" fill=\"#DCAD5B\"><\/rect><rect x=\"10.9092\" y=\"7.5\" width=\"4.82103\" height=\"10.6063\" transform=\"rotate(135 10.9092 7.5)\" fill=\"#DCAD5B\"><\/rect><\/svg>\t\t\t<\/span>\n\t\t\t\t\t\t<span class=\"elementor-button-text\">Zeitschrift bestellen<\/span>\n\t\t<\/span>\n\t\t\t\t\t<\/a>\n\t\t<\/div>\n\t\t\t\t<\/div>\n\t\t\t\t<\/div>\n\t\t\t\t\t<\/div>\n\t\t<\/div>\n\t\t\t\t\t\t\t<\/div>\n\t\t<\/section>\n\t\t\t\t\t<\/div>\n\t\t<\/div>\n\t\t\t\t\t\t\t<\/div>\n\t\t<\/section>\n\t\t\t\t\t\t\t<\/div>\n\t\t","protected":false},"excerpt":{"rendered":"<p>Aktuellsten Nachrichten und Ereignisse in der Lesoteka-Gruppe In der Forst-Holz-Kette \u201eVom Wald &#8230; zum Haus\u201c entstehen Produkte und Halbzeuge der Unternehmen der Lesoteka-Gruppe. Aufgrund unserer Forschungs- und Entwicklungsorientierung erweitern wir st\u00e4ndig unser Produktangebot und verbessern bestehende Produkte. Novice | Lesoteka | 10.10.2023 Wir pr\u00e4sentieren uns auf der Koroska Karrieremesse Lesoteka stellt sich vor Koroska Karrieremesse [&hellip;]<\/p>\n","protected":false},"author":2,"featured_media":12529,"parent":13618,"menu_order":0,"comment_status":"closed","ping_status":"closed","template":"","meta":{"footnotes":""},"class_list":["post-14969","page","type-page","status-publish","has-post-thumbnail","hentry"],"acf":[],"_links":{"self":[{"href":"https:\/\/www.lesoteka.si\/de\/wp-json\/wp\/v2\/pages\/14969","targetHints":{"allow":["GET"]}}],"collection":[{"href":"https:\/\/www.lesoteka.si\/de\/wp-json\/wp\/v2\/pages"}],"about":[{"href":"https:\/\/www.lesoteka.si\/de\/wp-json\/wp\/v2\/types\/page"}],"author":[{"embeddable":true,"href":"https:\/\/www.lesoteka.si\/de\/wp-json\/wp\/v2\/users\/2"}],"replies":[{"embeddable":true,"href":"https:\/\/www.lesoteka.si\/de\/wp-json\/wp\/v2\/comments?post=14969"}],"version-history":[{"count":14,"href":"https:\/\/www.lesoteka.si\/de\/wp-json\/wp\/v2\/pages\/14969\/revisions"}],"predecessor-version":[{"id":17226,"href":"https:\/\/www.lesoteka.si\/de\/wp-json\/wp\/v2\/pages\/14969\/revisions\/17226"}],"up":[{"embeddable":true,"href":"https:\/\/www.lesoteka.si\/de\/wp-json\/wp\/v2\/pages\/13618"}],"wp:featuredmedia":[{"embeddable":true,"href":"https:\/\/www.lesoteka.si\/de\/wp-json\/wp\/v2\/media\/12529"}],"wp:attachment":[{"href":"https:\/\/www.lesoteka.si\/de\/wp-json\/wp\/v2\/media?parent=14969"}],"curies":[{"name":"wp","href":"https:\/\/api.w.org\/{rel}","templated":true}]}}